{"id":62700,"date":"2020-05-07T08:29:43","date_gmt":"2020-05-07T08:29:43","guid":{"rendered":"https:\/\/angelruizquesada.com\/?page_id=62700"},"modified":"2025-02-12T12:35:13","modified_gmt":"2025-02-12T12:35:13","slug":"mi-rincon-de-juan-borges-linares","status":"publish","type":"page","link":"https:\/\/angelruizquesada.com\/borges\/mi-rincon-de-juan-borges-linares\/","title":{"rendered":"Mi Rinc\u00f3n de Juan Borges Linares"},"content":{"rendered":"<p class=\"dropcap-first\"><div class=\"fusion-fullwidth fullwidth-box fusion-builder-row-1 fusion-flex-container nonhundred-percent-fullwidth non-hundred-percent-height-scrolling\" style=\"background-color: #ffffff;background-position: center center;background-repeat: no-repeat;border-width: 0px 0px 0px 0px;border-color:#eae9e9;border-style:solid;\" ><div class=\"fusion-builder-row fusion-row fusion-flex-align-items-flex-start\" style=\"max-width:95.68%;margin-left: calc(-4% \/ 2 );margin-right: calc(-4% \/ 2 );\"><div class=\"fusion-layout-column fusion_builder_column fusion-builder-column-0 fusion_builder_column_1_1 1_1 fusion-flex-column\"><div class=\"fusion-column-wrapper fusion-flex-justify-content-flex-start fusion-content-layout-column\" style=\"background-position:left top;background-repeat:no-repeat;-webkit-background-size:cover;-moz-background-size:cover;-o-background-size:cover;background-size:cover;padding: 0px 0px 0px 0px;\"><div ><span class=\" fusion-imageframe imageframe-none imageframe-1 hover-type-none\"><img fetchpriority=\"high\" fetchpriority=\"high\" decoding=\"async\" width=\"1200\" height=\"300\" title=\"cabecera\" src=\"https:\/\/angelruizquesada.com\/borges\/wp-content\/uploads\/2021\/01\/cabecera.jpg\" data-orig-src=\"https:\/\/angelruizquesada.com\/wp-content\/uploads\/2021\/01\/cabecera.jpg\" alt class=\"lazyload img-responsive wp-image-63434\" srcset=\"data:image\/svg+xml,%3Csvg%20xmlns%3D%27http%3A%2F%2Fwww.w3.org%2F2000%2Fsvg%27%20width%3D%271200%27%20height%3D%27300%27%20viewBox%3D%270%200%201200%20300%27%3E%3Crect%20width%3D%271200%27%20height%3D%27300%27%20fill-opacity%3D%220%22%2F%3E%3C%2Fsvg%3E\" data-srcset=\"https:\/\/angelruizquesada.com\/borges\/wp-content\/uploads\/2021\/01\/cabecera-200x50.jpg 200w, https:\/\/angelruizquesada.com\/borges\/wp-content\/uploads\/2021\/01\/cabecera-400x100.jpg 400w, https:\/\/angelruizquesada.com\/borges\/wp-content\/uploads\/2021\/01\/cabecera-600x150.jpg 600w, https:\/\/angelruizquesada.com\/borges\/wp-content\/uploads\/2021\/01\/cabecera-800x200.jpg 800w, https:\/\/angelruizquesada.com\/borges\/wp-content\/uploads\/2021\/01\/cabecera.jpg 1200w\" data-sizes=\"auto\" data-orig-sizes=\"(max-width: 1024px) 100vw, (max-width: 640px) 100vw, 1200px\" \/><\/span><\/div><style type=\"text\/css\">@media only screen and (max-width:1024px) {.fusion-title.fusion-title-1{margin-top:0px!important; margin-right:0px!important;margin-bottom:0.9em!important;margin-left:0px!important;}}@media only screen and (max-width:640px) {.fusion-title.fusion-title-1{margin-top:0px!important; margin-right:0px!important;margin-bottom:!important; margin-left:0px!important;}}<\/style><div class=\"fusion-title title fusion-title-1 fusion-sep-none fusion-title-center fusion-title-text fusion-title-size-one\" style=\"font-size:48px;margin-top:0px;margin-right:0px;margin-bottom:0.9em;margin-left:0px;\"><h1 class=\"title-heading-center fusion-responsive-typography-calculated\" style=\"font-family:&quot;Acme&quot;;font-weight:400;margin:0;font-size:1em;color:#27511f;--fontSize:48;line-height:1.12;\">Mapa de la Ruta de Borges Linares<\/h1><\/div><div class=\"fusion-separator fusion-full-width-sep\" style=\"align-self: center;margin-left: auto;margin-right: auto;width:100%;\"><div class=\"fusion-separator-border sep-double sep-dashed\" style=\"border-color:#e0dede;border-top-width:1px;border-bottom-width:1px;\"><\/div><\/div><\/div><style type=\"text\/css\">.fusion-body .fusion-builder-column-0{width:100% !important;margin-top : 0px;margin-bottom : 0px;}.fusion-builder-column-0 > .fusion-column-wrapper {padding-top : 0px !important;padding-right : 0px !important;margin-right : 1.92%;padding-bottom : 0px !important;padding-left : 0px !important;margin-left : 1.92%;}@media only screen and (max-width:1024px) {.fusion-body .fusion-builder-column-0{width:100% !important;}.fusion-builder-column-0 > .fusion-column-wrapper {margin-right : 1.92%;margin-left : 1.92%;}}@media only screen and (max-width:640px) {.fusion-body .fusion-builder-column-0{width:100% !important;}.fusion-builder-column-0 > .fusion-column-wrapper {margin-right : 1.92%;margin-left : 1.92%;}}<\/style><\/div><div class=\"fusion-layout-column fusion_builder_column fusion-builder-column-1 fusion_builder_column_1_1 1_1 fusion-flex-column\"><div class=\"fusion-column-wrapper fusion-flex-justify-content-flex-start fusion-content-layout-column\" style=\"background-position:left top;background-repeat:no-repeat;-webkit-background-size:cover;-moz-background-size:cover;-o-background-size:cover;background-size:cover;padding: 0px 0px 0px 0px;\"><style type=\"text\/css\">@media only screen and (max-width:1024px) {.fusion-title.fusion-title-2{margin-top:50px!important; margin-right:0px!important;margin-bottom:0.9em!important;margin-left:0px!important;}}@media only screen and (max-width:640px) {.fusion-title.fusion-title-2{margin-top:0px!important; margin-right:0px!important;margin-bottom:!important; margin-left:0px!important;}}<\/style><div class=\"fusion-title title fusion-title-2 fusion-sep-none fusion-title-center fusion-title-text fusion-title-size-one\" style=\"font-size:48px;margin-top:50px;margin-right:0px;margin-bottom:0.9em;margin-left:0px;\"><h1 class=\"title-heading-center fusion-responsive-typography-calculated\" style=\"font-family:&quot;Acme&quot;;font-weight:400;margin:0;font-size:1em;color:#27511f;--fontSize:48;line-height:1.12;\">El Libro y Pel\u00edcula de la Ruta<\/h1><\/div><\/div><style type=\"text\/css\">.fusion-body .fusion-builder-column-1{width:100% !important;margin-top : 0px;margin-bottom : 20px;}.fusion-builder-column-1 > .fusion-column-wrapper {padding-top : 0px !important;padding-right : 0px !important;margin-right : 1.92%;padding-bottom : 0px !important;padding-left : 0px !important;margin-left : 1.92%;}@media only screen and (max-width:1024px) {.fusion-body .fusion-builder-column-1{width:100% !important;order : 0;}.fusion-builder-column-1 > .fusion-column-wrapper {margin-right : 1.92%;margin-left : 1.92%;}}@media only screen and (max-width:640px) {.fusion-body .fusion-builder-column-1{width:100% !important;order : 0;}.fusion-builder-column-1 > .fusion-column-wrapper {margin-right : 1.92%;margin-left : 1.92%;}}<\/style><\/div><div class=\"fusion-layout-column fusion_builder_column fusion-builder-column-2 fusion_builder_column_1_2 1_2 fusion-flex-column\"><div class=\"fusion-column-wrapper fusion-flex-justify-content-flex-start fusion-content-layout-column\" style=\"background-position:left top;background-repeat:no-repeat;-webkit-background-size:cover;-moz-background-size:cover;-o-background-size:cover;background-size:cover;padding: 0px 0px 0px 0px;\"><div class=\"fusion-text fusion-text-1\"><p style=\"text-align: center;\"><div class=\"_df_book df-lite\" id=\"df_65943\"  _slug=\"ruta-borges-linares\" data-title=\"ruta-borges-linares\" wpoptions=\"true\" thumbtype=\"\" ><\/div><script class=\"df-shortcode-script\" nowprocket type=\"application\/javascript\">window.option_df_65943 = {\"outline\":[],\"autoEnableOutline\":\"false\",\"autoEnableThumbnail\":\"false\",\"overwritePDFOutline\":\"false\",\"direction\":\"1\",\"pageSize\":\"0\",\"source\":\"https:\\\/\\\/angelruizquesada.com\\\/borges\\\/wp-content\\\/uploads\\\/2020\\\/05\\\/Ruta_escultrica_Borges_Linares.pdf\",\"wpOptions\":\"true\"}; if(window.DFLIP && window.DFLIP.parseBooks){window.DFLIP.parseBooks();}<\/script> <\/p>\n<\/div><\/div><style type=\"text\/css\">.fusion-body .fusion-builder-column-2{width:50% !important;margin-top : 0px;margin-bottom : 20px;}.fusion-builder-column-2 > .fusion-column-wrapper {padding-top : 0px !important;padding-right : 0px !important;margin-right : 3.84%;padding-bottom : 0px !important;padding-left : 0px !important;margin-left : 3.84%;}@media only screen and (max-width:1024px) {.fusion-body .fusion-builder-column-2{width:100% !important;order : 0;}.fusion-builder-column-2 > .fusion-column-wrapper {margin-right : 1.92%;margin-left : 1.92%;}}@media only screen and (max-width:640px) {.fusion-body .fusion-builder-column-2{width:100% !important;order : 0;}.fusion-builder-column-2 > .fusion-column-wrapper {margin-right : 1.92%;margin-left : 1.92%;}}<\/style><\/div><div class=\"fusion-layout-column fusion_builder_column fusion-builder-column-3 fusion_builder_column_1_2 1_2 fusion-flex-column\"><div class=\"fusion-column-wrapper fusion-flex-justify-content-flex-start fusion-content-layout-column\" style=\"background-position:left top;background-repeat:no-repeat;-webkit-background-size:cover;-moz-background-size:cover;-o-background-size:cover;background-size:cover;padding: 0px 0px 0px 0px;\"><div class=\"fusion-separator fusion-full-width-sep\" style=\"align-self: center;margin-left: auto;margin-right: auto;margin-top:50px;width:100%;\"><div class=\"fusion-separator-border sep-single sep-solid\" style=\"border-color:#e0dede;border-top-width:6px;\"><\/div><\/div><div class=\"fusion-video fusion-youtube fusion-no-medium-visibility\" style=\"max-width:600px;max-height:360px;\"><div class=\"video-shortcode\"><div class=\"fluid-width-video-wrapper\" style=\"padding-top:60%;\" ><iframe title=\"YouTube video player 1\" src=\"https:\/\/www.youtube.com\/embed\/CfD4-mCDL4E?wmode=transparent&autoplay=0\" width=\"600\" height=\"360\" allowfullscreen allow=\"autoplay; fullscreen\"><\/iframe><\/div><\/div><\/div><\/div><style type=\"text\/css\">.fusion-body .fusion-builder-column-3{width:50% !important;margin-top : 0px;margin-bottom : 20px;}.fusion-builder-column-3 > .fusion-column-wrapper {padding-top : 0px !important;padding-right : 0px !important;margin-right : 3.84%;padding-bottom : 0px !important;padding-left : 0px !important;margin-left : 3.84%;}@media only screen and (max-width:1024px) {.fusion-body .fusion-builder-column-3{width:100% !important;order : 0;}.fusion-builder-column-3 > .fusion-column-wrapper {margin-right : 1.92%;margin-left : 1.92%;}}@media only screen and (max-width:640px) {.fusion-body .fusion-builder-column-3{width:100% !important;order : 0;}.fusion-builder-column-3 > .fusion-column-wrapper {margin-right : 1.92%;margin-left : 1.92%;}}<\/style><\/div><div class=\"fusion-layout-column fusion_builder_column fusion-builder-column-4 fusion_builder_column_1_1 1_1 fusion-flex-column\"><div class=\"fusion-column-wrapper fusion-flex-justify-content-flex-start fusion-content-layout-column\" style=\"background-position:left top;background-repeat:no-repeat;-webkit-background-size:cover;-moz-background-size:cover;-o-background-size:cover;background-size:cover;padding: 0px 0px 0px 0px;\"><div class=\"fusion-text fusion-text-2\"><h2 class=\"mceTemp fusion-responsive-typography-calculated\" style=\"text-align: center;\" data-fontsize=\"48\" data-lineheight=\"57.6px\"><span style=\"color: #003300;\"><strong>Biografia<\/strong><\/span><\/h2>\n<p><b>1941.<\/b>&nbsp;Nace en San Isidro, G\u00e1ldar (Gran Canaria).<\/p>\n<p><b>1960.<\/b> Exposici\u00f3n de escultura y dibujo. Alumnos de las Academias Municipales de Las Palmas de Gran Canaria. Imagen&nbsp; Jesus Predicador en la Monta\u00f1a. Iglesia de G\u00e1ldar(Gran Canaria).<\/p>\n<p><b>1962.<\/b>&nbsp;Primer Certamen Nacional de Artes Pl\u00e1sticas. Fase Provincial, Las Palmas de Gran Canaria. Primer Certamen Nacional de Artes Pl\u00e1sticas. Pabell\u00f3n de Vel\u00e1zquez. Madrid.<\/p>\n<p><b>1963.<\/b>&nbsp;Exposici\u00f3n colectiva. Casino de G\u00e1ldar.<\/p>\n<p><b>1964.<\/b>&nbsp;Segundo premio. XI Exposici\u00f3n Regional de Bellas Artes. Gabinete Literario. Las Palmas de Gran Canaria.<\/p>\n<p><b>1965.<\/b>&nbsp;Monumento a Fernando Guanarteme. G\u00e1ldar (Gran Canaria).<\/p>\n<p><b>1966.<\/b>&nbsp;Busto al Capit\u00e1n Quesada. G\u00e1ldar (Gran Canaria). \u00c1ngel del Silencio. Cementerio de G\u00e1ldar (Gran Canaria). Expone en Suecia.<\/p>\n<p><b>1967.<\/b> Servicio militar. Monumento a la Infanter\u00eda Espa\u00f1ola. (Las Palmas de Gran Canaria). Virgen de los Desamparados. Barrial G\u00e1ldar(Gran Canaria). Cristo de la Sed. Haria (Lanzarote).Virgen&nbsp; de la&nbsp; Capilla. Hoya Frias.(Tenerife)<\/p>\n<p><b>1968.<\/b>&nbsp;Monumento a la Legi\u00f3n Extranjera. Asmara (\u00c1frica).<\/p>\n<p><b>1969.<\/b>&nbsp;Primer premio III Certamen Juvenil de Arte. Las Palmas de Gran Canaria.<\/p>\n<p><b>1970.<\/b>&nbsp;Exposici\u00f3n individual Real Club N\u00e1utico. Las Palmas de Gran Canaria. Monumento a Miguel de Unamuno (Fuerteventura). Murales del Casino de Agaete (Gran Canaria).<\/p>\n<p><b>1972.<\/b>&nbsp;Exposici\u00f3n Colectiva Jornadas Culturales. Agaete (Gran Canaria).<\/p>\n<p>Estancia en la Rep\u00fablica de Argentina. Exposici\u00f3n individual. Sala del Aeropuerto Internacional de Neuqu\u00e9n (Argentina).<\/p>\n<p><b>1973.<\/b>&nbsp;Exposici\u00f3n individual 68\u00b0 Aniversario Neuqu\u00e9n (Argentina). Monumento a Eva Per\u00f3n.<\/p>\n<p><b>1974.<\/b>&nbsp;Exposici\u00f3n colectiva. Las Palmas XX. Casa de la Cultura. Arucas (Gran Canaria).<\/p>\n<p><b>1976.<\/b>&nbsp;Monumento Piedra del \u00c1guila. Neuqu\u00e9n (Argentina).<\/p>\n<p><b>1977.<\/b>&nbsp;Exposici\u00f3n individual titulada&nbsp;<i>Homenaje a Neuqu\u00e9n. Sala&nbsp;<\/i>Cairasco (Gran Canaria).<\/p>\n<p><b>1978.<\/b>&nbsp;Exposici\u00f3n colectiva flotante&nbsp;<i>El mar.&nbsp;<\/i>Ferry Villa de Agaete de la Compa\u00f1\u00eda Transmediterr\u00e1nea. Itinerante por las Islas Canarias.Virgen de Saucillo.G\u00e1ldar(Gran Canaria).<\/p>\n<p><b>1979.<\/b>&nbsp;Exposici\u00f3n individual. C\u00edrculo Mercantil. Las Palmas de Gran Canaria. Exposici\u00f3n Individual. Sala Rodin. Sta. Cruz de Tenerife.<\/p>\n<p><b>1980.<\/b>&nbsp;Imagen Nuestra Se\u00f1ora del Mar. Caleta. G\u00e1ldar(Gran Canaria).<\/p>\n<p><b>1981.<\/b>&nbsp;Monumento Las Tres Princesas o Guayarminas. G\u00e1ldar (Gran Canaria).<\/p>\n<p><b>1982.<\/b>&nbsp;Exposici\u00f3n individual Gabinete Literario Las Palmas de Gran Canaria.<\/p>\n<p><b>1983.<\/b>&nbsp;Imagen de Santa Teresa de Jesus.Ca\u00f1ada Honda.G\u00e1ldar(Gran Canaria).<\/p>\n<p><b>1984.<\/b>&nbsp;Monumento al Can\u00f3nigo Gordillo. Casablanca 3. Las Palmas de Gran Canaria.&nbsp; Exposicion en la Casa de la Cultura de Arrecife&nbsp;en&nbsp;&nbsp;Lanzarote.<\/p>\n<p><b>1985.<\/b> Monumento al campesino y la pescadora situado en la recova de G\u00e1ldar. Busto de &nbsp;los hermanos Mart\u00edn Fern\u00e1ndez de la Torre. Las Palmas de G.C. Busto a Mister Leacock.G\u00e1ldar(Gran Canaria). Imparte un curso de talla y modelado en G\u00e1ldar.<\/p>\n<p><b>1986.<\/b>&nbsp;Monumento al compositor Camilo Saint-Sa\u00e9ns. Las Palmas de Gran Canaria. Instalado en 1993. Busto Canonigo Gordillo.Santa Maria de Guia.(Gran Canaria)<\/p>\n<p><b>1987.<\/b>&nbsp;Monumento La Lucha Canaria. G\u00e1ldar (Gran Canaria).<\/p>\n<p><b>1988.<\/b>&nbsp;Imagen de Santiago Apostol. Iglesia San Afonso Ligorio. (Santa Cruz de Tenerife).<\/p>\n<p><b>1989.<\/b>&nbsp;Monumento a L\u00f3pez Botas. Telde (Gran Canaria).<\/p>\n<p><b>1990.<\/b>&nbsp;Imagen Santiago Peregrino. Lomo Cementerio. Telde(Gran Canaria).<\/p>\n<p><b>1991.<\/b> Exposici\u00f3n Antol\u00f3gica Museo N\u00e9stor. Las Palmas de Gran Canaria. Exposici\u00f3n Casa Museo Le\u00f3n y Castillo. Telde (Gran Canaria). Monumento al Maestro. G\u00e1ldar (Gran Canaria).Virgen de la Vega.&nbsp; Las Palmas de G.C.<\/p>\n<p><b>1992.<\/b>&nbsp;Imagen &nbsp;de la Virgen del Pino(Cuba) Viaje a Cuba. Busto Cayetana Manrique de Lara. Telde (Gran Canaria).<\/p>\n<p><b>1993.<\/b>&nbsp;Busto Agust\u00edn Millares. Universidad de Las Palmas de Gran Canaria. Exposici\u00f3n individual &nbsp;&nbsp;CICCA. Las Palmas de Gran Canaria.<\/p>\n<p><b>1994.<\/b>&nbsp;Exposicion en el Club de Prensa Canaria en Las Palmas de G.C.&nbsp; Busto&nbsp;de Pablo Iglesia&nbsp;&nbsp;en Las Palmas de G.C.<\/p>\n<p><b>1997.<\/b>&nbsp;Monumento&nbsp;al Pescador. Caleta de G\u00e1ldar. Busto&nbsp;de Placido Fleitas. Telde(Gran Canaria).<\/p>\n<p><b>2000.<\/b>&nbsp;Monumento a Grupo Folclorico los&nbsp; Viejos de G\u00e1ldar. Barrial G\u00e1ldar.(Gran Canaria)<\/p>\n<p><b>2003.<\/b>&nbsp;Portapaz de los Peregrinos de Santiago. G\u00e1ldar.(Gran canaria).&nbsp; Relieves de Andamana y Gumifafe para el salon de plenos del Ayuntamiento de G\u00e1ldar(Gran Canaria).<\/p>\n<p><b>2004.<\/b>&nbsp;Santiago de los Oceanos. G\u00e1ldar. En Julio es nombrado Hijo Predileto de la Ciudad de G\u00e1ldar. Fallece el 5 de Octubre.<\/p>\n<p style=\"text-align: center;\">&nbsp;<\/p>\n<p style=\"text-align: center;\">\n<\/div><\/div><style type=\"text\/css\">.fusion-body .fusion-builder-column-4{width:100% !important;margin-top : 0px;margin-bottom : 20px;}.fusion-builder-column-4 > .fusion-column-wrapper {padding-top : 0px !important;padding-right : 0px !important;margin-right : 1.92%;padding-bottom : 0px !important;padding-left : 0px !important;margin-left : 1.92%;}@media only screen and (max-width:1024px) {.fusion-body .fusion-builder-column-4{width:100% !important;order : 0;}.fusion-builder-column-4 > .fusion-column-wrapper {margin-right : 1.92%;margin-left : 1.92%;}}@media only screen and (max-width:640px) {.fusion-body .fusion-builder-column-4{width:100% !important;order : 0;}.fusion-builder-column-4 > .fusion-column-wrapper {margin-right : 1.92%;margin-left : 1.92%;}}<\/style><\/div><\/div><style type=\"text\/css\">.fusion-body .fusion-flex-container.fusion-builder-row-1{ padding-top : 4%;margin-top : 0px;padding-right : 10%;padding-bottom : 4%;margin-bottom : 0px;padding-left : 10%;}<\/style><\/div><\/p>\n","protected":false},"excerpt":{"rendered":"","protected":false},"author":1,"featured_media":0,"parent":0,"menu_order":0,"comment_status":"closed","ping_status":"closed","template":"","meta":{"ngg_post_thumbnail":0,"footnotes":""},"class_list":["post-62700","page","type-page","status-publish","hentry"],"acf":[],"yoast_head":"<!-- This site is optimized with the Yoast SEO plugin v24.1 - https:\/\/yoast.com\/wordpress\/plugins\/seo\/ -->\n<title>Mi Rinc\u00f3n de Juan Borges Linares - El Rinconcito de Mis Cositas<\/title>\n<meta name=\"robots\" content=\"index, follow, max-snippet:-1, max-image-preview:large, max-video-preview:-1\" \/>\n<link rel=\"canonical\" href=\"https:\/\/angelruizquesada.com\/borges\/mi-rincon-de-juan-borges-linares\/\" \/>\n<meta property=\"og:locale\" content=\"es_ES\" \/>\n<meta property=\"og:type\" content=\"article\" \/>\n<meta property=\"og:title\" content=\"Mi Rinc\u00f3n de Juan Borges Linares - El Rinconcito de Mis Cositas\" \/>\n<meta property=\"og:url\" content=\"https:\/\/angelruizquesada.com\/borges\/mi-rincon-de-juan-borges-linares\/\" \/>\n<meta property=\"og:site_name\" content=\"El Rinconcito de Mis Cositas\" \/>\n<meta property=\"article:modified_time\" content=\"2025-02-12T12:35:13+00:00\" \/>\n<meta name=\"twitter:card\" content=\"summary_large_image\" \/>\n<meta name=\"twitter:label1\" content=\"Tiempo de lectura\" \/>\n\t<meta name=\"twitter:data1\" content=\"6 minutos\" \/>\n<script type=\"application\/ld+json\" class=\"yoast-schema-graph\">{\"@context\":\"https:\/\/schema.org\",\"@graph\":[{\"@type\":\"WebPage\",\"@id\":\"https:\/\/angelruizquesada.com\/borges\/mi-rincon-de-juan-borges-linares\/\",\"url\":\"https:\/\/angelruizquesada.com\/borges\/mi-rincon-de-juan-borges-linares\/\",\"name\":\"Mi Rinc\u00f3n de Juan Borges Linares - El Rinconcito de Mis Cositas\",\"isPartOf\":{\"@id\":\"https:\/\/angelruizquesada.com\/borges\/#website\"},\"datePublished\":\"2020-05-07T08:29:43+00:00\",\"dateModified\":\"2025-02-12T12:35:13+00:00\",\"breadcrumb\":{\"@id\":\"https:\/\/angelruizquesada.com\/borges\/mi-rincon-de-juan-borges-linares\/#breadcrumb\"},\"inLanguage\":\"es\",\"potentialAction\":[{\"@type\":\"ReadAction\",\"target\":[\"https:\/\/angelruizquesada.com\/borges\/mi-rincon-de-juan-borges-linares\/\"]}]},{\"@type\":\"BreadcrumbList\",\"@id\":\"https:\/\/angelruizquesada.com\/borges\/mi-rincon-de-juan-borges-linares\/#breadcrumb\",\"itemListElement\":[{\"@type\":\"ListItem\",\"position\":1,\"name\":\"Portada\",\"item\":\"https:\/\/angelruizquesada.com\/borges\/\"},{\"@type\":\"ListItem\",\"position\":2,\"name\":\"Mi Rinc\u00f3n de Juan Borges Linares\"}]},{\"@type\":\"WebSite\",\"@id\":\"https:\/\/angelruizquesada.com\/borges\/#website\",\"url\":\"https:\/\/angelruizquesada.com\/borges\/\",\"name\":\"El Rinconcito de Mis Cositas\",\"description\":\"Historia y Pol\u00edtica Social por \u00c1ngel Ruiz Quesada\",\"potentialAction\":[{\"@type\":\"SearchAction\",\"target\":{\"@type\":\"EntryPoint\",\"urlTemplate\":\"https:\/\/angelruizquesada.com\/borges\/?s={search_term_string}\"},\"query-input\":{\"@type\":\"PropertyValueSpecification\",\"valueRequired\":true,\"valueName\":\"search_term_string\"}}],\"inLanguage\":\"es\"}]}<\/script>\n<!-- \/ Yoast SEO plugin. -->","yoast_head_json":{"title":"Mi Rinc\u00f3n de Juan Borges Linares - El Rinconcito de Mis Cositas","robots":{"index":"index","follow":"follow","max-snippet":"max-snippet:-1","max-image-preview":"max-image-preview:large","max-video-preview":"max-video-preview:-1"},"canonical":"https:\/\/angelruizquesada.com\/borges\/mi-rincon-de-juan-borges-linares\/","og_locale":"es_ES","og_type":"article","og_title":"Mi Rinc\u00f3n de Juan Borges Linares - El Rinconcito de Mis Cositas","og_url":"https:\/\/angelruizquesada.com\/borges\/mi-rincon-de-juan-borges-linares\/","og_site_name":"El Rinconcito de Mis Cositas","article_modified_time":"2025-02-12T12:35:13+00:00","twitter_card":"summary_large_image","twitter_misc":{"Tiempo de lectura":"6 minutos"},"schema":{"@context":"https:\/\/schema.org","@graph":[{"@type":"WebPage","@id":"https:\/\/angelruizquesada.com\/borges\/mi-rincon-de-juan-borges-linares\/","url":"https:\/\/angelruizquesada.com\/borges\/mi-rincon-de-juan-borges-linares\/","name":"Mi Rinc\u00f3n de Juan Borges Linares - El Rinconcito de Mis Cositas","isPartOf":{"@id":"https:\/\/angelruizquesada.com\/borges\/#website"},"datePublished":"2020-05-07T08:29:43+00:00","dateModified":"2025-02-12T12:35:13+00:00","breadcrumb":{"@id":"https:\/\/angelruizquesada.com\/borges\/mi-rincon-de-juan-borges-linares\/#breadcrumb"},"inLanguage":"es","potentialAction":[{"@type":"ReadAction","target":["https:\/\/angelruizquesada.com\/borges\/mi-rincon-de-juan-borges-linares\/"]}]},{"@type":"BreadcrumbList","@id":"https:\/\/angelruizquesada.com\/borges\/mi-rincon-de-juan-borges-linares\/#breadcrumb","itemListElement":[{"@type":"ListItem","position":1,"name":"Portada","item":"https:\/\/angelruizquesada.com\/borges\/"},{"@type":"ListItem","position":2,"name":"Mi Rinc\u00f3n de Juan Borges Linares"}]},{"@type":"WebSite","@id":"https:\/\/angelruizquesada.com\/borges\/#website","url":"https:\/\/angelruizquesada.com\/borges\/","name":"El Rinconcito de Mis Cositas","description":"Historia y Pol\u00edtica Social por \u00c1ngel Ruiz Quesada","potentialAction":[{"@type":"SearchAction","target":{"@type":"EntryPoint","urlTemplate":"https:\/\/angelruizquesada.com\/borges\/?s={search_term_string}"},"query-input":{"@type":"PropertyValueSpecification","valueRequired":true,"valueName":"search_term_string"}}],"inLanguage":"es"}]}},"_links":{"self":[{"href":"https:\/\/angelruizquesada.com\/borges\/wp-json\/wp\/v2\/pages\/62700","targetHints":{"allow":["GET"]}}],"collection":[{"href":"https:\/\/angelruizquesada.com\/borges\/wp-json\/wp\/v2\/pages"}],"about":[{"href":"https:\/\/angelruizquesada.com\/borges\/wp-json\/wp\/v2\/types\/page"}],"author":[{"embeddable":true,"href":"https:\/\/angelruizquesada.com\/borges\/wp-json\/wp\/v2\/users\/1"}],"replies":[{"embeddable":true,"href":"https:\/\/angelruizquesada.com\/borges\/wp-json\/wp\/v2\/comments?post=62700"}],"version-history":[{"count":56,"href":"https:\/\/angelruizquesada.com\/borges\/wp-json\/wp\/v2\/pages\/62700\/revisions"}],"predecessor-version":[{"id":66673,"href":"https:\/\/angelruizquesada.com\/borges\/wp-json\/wp\/v2\/pages\/62700\/revisions\/66673"}],"wp:attachment":[{"href":"https:\/\/angelruizquesada.com\/borges\/wp-json\/wp\/v2\/media?parent=62700"}],"curies":[{"name":"wp","href":"https:\/\/api.w.org\/{rel}","templated":true}]}}